{"id":233,"date":"2010-03-16T18:42:09","date_gmt":"2010-03-16T17:42:09","guid":{"rendered":"http:\/\/orlice.hradectivodaci.cz\/?page_id=233"},"modified":"2026-02-04T11:18:03","modified_gmt":"2026-02-04T10:18:03","slug":"organizacni-pokyny","status":"publish","type":"page","link":"https:\/\/orlice.hradectivodaci.cz\/?page_id=233","title":{"rendered":"\u010casov\u00fd harmonogram akce"},"content":{"rendered":"<p><strong>Obecn\u00e9 informace: <\/strong><\/p>\n<p>B\u011bhem \u010di\u0161t\u011bn\u00ed \u0159ek si \u00fa\u010dastn\u00edci akce v lod\u00edch povezou osobn\u00ed v\u011bci na p\u0159evle\u010den\u00ed, sva\u010dinu, aby jim v lodi zbylo m\u00edsto na nakl\u00e1d\u00e1n\u00ed civiliza\u010dn\u00edho odpadu. B\u011bhem akce bude tak\u00e9 zabezpe\u010den rann\u00ed a odpoledn\u00ed svoz osobn\u00edch aut \u00fa\u010dastn\u00edk\u016f akce. Parkov\u00e1n\u00ed vozidel\u00a0je zaji\u0161t\u011bno v are\u00e1lu vod\u00e1cko-turistick\u00e9ho centra RAMPA Sport v T\u00fdni\u0161ti nad Orlic\u00ed.<\/p>\n<ul style=\"list-style-type: square;\">\n<li><span style=\"color: #0000ff;\"><strong>\u010casov\u00fd harmonogram pro \u010di\u0161t\u011bn\u00ed \u0159eky <span style=\"color: #000000;\">Divok\u00e1 Orlice 18.4. 2026<\/span><\/strong>:<\/span><\/li>\n<\/ul>\n<p><strong>8.30 hod &#8211;<\/strong> sraz \u00fa\u010dastn\u00edk\u016f v Kostelci nad Orlic\u00ed (silni\u010dn\u00ed most)<\/p>\n<ul>\n<li>prezence dobrovoln\u00edk\u016f akce<\/li>\n<li>sezn\u00e1men\u00ed s pokyny organiz\u00e1tora akce<\/li>\n<li>rozd\u00e1v\u00e1n\u00ed pracovn\u00edho a propaga\u010dn\u00edho materi\u00e1lu<\/li>\n<\/ul>\n<p><strong>9:00 hod<\/strong> \u2013 slavnostn\u00ed zah\u00e1jen\u00ed akce<\/p>\n<p><strong>10:00 hod<\/strong> \u2013 zah\u00e1jen\u00ed \u010di\u0161t\u011bn\u00ed \u0159eky Divok\u00e1 Orlice. \u0158eka je rozd\u011blena na 5 \u00fasek\u016f (viz mapa). Z\u00e1jemci, kte\u0159\u00ed se zapoj\u00ed do \u010di\u0161t\u011bn\u00ed \u0159eky z lodi budou p\u0159i\u0159azeni do p\u0159\u00edslu\u0161n\u00e9ho \u00faseku. Ka\u017ed\u00fd \u00fa\u010dastn\u00edk \u010dist\u00ed jeden \u00fasek a ostatn\u00ed \u00faseky se \u201eveze\u201c. Sb\u00edran\u00fd civiliza\u010dn\u00ed odpad v jednotliv\u00fdch \u00fasec\u00edch se nakl\u00e1d\u00e1 do lod\u00ed (do pytl\u016f) a vykl\u00e1d\u00e1 se z lod\u00ed a\u017e v Albrechtic\u00edch nad Orlic\u00ed vlevo nad jezem, kde je zaji\u0161t\u011bno m\u00edsto k ulo\u017een\u00ed nasb\u00edran\u00e9ho civiliza\u010dn\u00edho odpadu.             \n\t\t<div class=\"ngg-gallery-singlepic-image \" style=\"max-width: 320px\">\n\t\t\t    \t<a href=\"https:\/\/orlice.hradectivodaci.cz\/wp-content\/gallery\/webdesign\/mapa_0.jpg\"\n\t\t     title=\"\"\n             data-src=\"https:\/\/orlice.hradectivodaci.cz\/wp-content\/gallery\/webdesign\/mapa_0.jpg\"\n             data-thumbnail=\"https:\/\/orlice.hradectivodaci.cz\/wp-content\/gallery\/webdesign\/thumbs\/thumbs_mapa_0.jpg\"\n             data-image-id=\"1106\"\n             data-title=\"mapa_0\"\n             data-description=\"\"\n             target='_self'\n             >\n            <img class=\"ngg-singlepic\"\n             src=\"https:\/\/orlice.hradectivodaci.cz\/wp-content\/gallery\/webdesign\/cache\/mapa_0.jpg-nggid041106-ngg0dyn-320x240x100-00f0w010c010r110f110r010t010.jpg\"\n             alt=\"mapa_0\"\n             title=\"mapa_0\"\n              width=\"320\"               \/>\n    \t<\/a>\n\t\t      <\/div>\n         . D\u00e1le se\u00a0 p\u0159enese jez (vlevo) a pokra\u010duje se asi 1 km po \u0159ece a\u017e do vod\u00e1cko-turistick\u00e9ho centra\u00a0 RAMPA sport v T\u00fdni\u0161ti nad Orlic\u00ed (cca 100 m pod silni\u010dn\u00edm mostem).<\/p>\n<p><strong>16.30 hod<\/strong> \u2013 p\u0159edpokl\u00e1dan\u00fd konec \u010di\u0161t\u011bn\u00ed \u0159ek Divok\u00e9 a Tich\u00e9 Orlice v T\u00fdni\u0161ti nad Orlic\u00ed. V are\u00e1lu vod\u00e1cko-turistick\u00e9ho centra RAMPA Sport je \u00a0zabezpe\u010deno uskladn\u011bn\u00ed vlastn\u00edch lod\u00ed \u00fa\u010dastn\u00edk\u016f akce p\u0159es noc, vr\u00e1cen\u00ed p\u016fj\u010den\u00fdch lod\u00ed, ubytov\u00e1n\u00ed a stravov\u00e1n\u00ed.<\/p>\n<p><strong>17.00 hod <\/strong>&#8211; v\u00fddej ve\u010de\u0159e ve vod\u00e1ck\u00e9 hospod\u011b ve vod\u00e1cko-turistick\u00e9m centru RAMPA Sport pro \u00fa\u010dastn\u00edky akce<\/p>\n<ul style=\"list-style-type: square;\">\n<li><span style=\"color: #0000ff;\"><strong>\u010dasov\u00fd harmonogram pro \u010di\u0161t\u011bn\u00ed \u0159eky <span style=\"color: #000000;\">Tich\u00e1 Orlice 18.4. 2026<\/span><\/strong><span style=\"color: #000000;\">:<\/span><\/span><\/li>\n<\/ul>\n<p><strong>8.30 hod &#8211; <\/strong>sraz \u00fa\u010dastn\u00edk\u016f v \u010d\u00e1sti obce \u010cermn\u00e1 nad Orlic\u00ed &#8211; Korunka (silni\u010dn\u00ed most). <strong>D\u016fle\u017eit\u00e9: pro tento \u00fasek je pot\u0159eba dop\u0159edu nejpozd\u011bji v P\u00e1tek 17.4. 2026 nahl\u00e1sit po\u010det \u00fa\u010dastn\u00edk\u016f!!<\/strong><\/p>\n<ul>\n<li>sezn\u00e1men\u00ed s pokyny organiz\u00e1tora akce<\/li>\n<li>rozd\u00e1v\u00e1n\u00ed pracovn\u00edho a ochrann\u00e9ho materi\u00e1lu<\/li>\n<\/ul>\n<p><strong>9.30 hod<\/strong> \u2013 zah\u00e1jen\u00ed \u010di\u0161t\u011bn\u00ed \u0159eky Tich\u00e1 Orlice. \u0158eka\u00a0je rozd\u011blena na 3 \u00faseky (viz mapa). Z\u00e1jemci, kte\u0159\u00ed se zapoj\u00ed do \u010di\u0161t\u011bn\u00ed \u0159eky z lodi budou p\u0159i\u0159azeni do p\u0159\u00edslu\u0161n\u00e9ho \u00faseku. Ka\u017ed\u00fd \u00fa\u010dastn\u00edk \u010dist\u00ed jeden \u00fasek a \u00a0ostatn\u00ed \u00faseky se\u00a0 \u201eveze\u201c. Sb\u00edran\u00fd civiliza\u010dn\u00ed odpad v jednotliv\u00fdch \u00fasec\u00edch se nakl\u00e1d\u00e1 do lod\u00ed (do pytl\u016f) a vykl\u00e1d\u00e1 se z lod\u00ed a\u017e v Albrechtic\u00edch nad Orlic\u00ed vlevo nad jezem, kde je zaji\u0161t\u011bno m\u00edsto k ulo\u017een\u00ed nasb\u00edran\u00e9ho civiliza\u010dn\u00edho odpadu.\u00a0\u00a0             \n\t\t<div class=\"ngg-gallery-singlepic-image \" style=\"max-width: 320px\">\n\t\t\t    \t<a href=\"https:\/\/orlice.hradectivodaci.cz\/wp-content\/gallery\/webdesign\/mapa_0.jpg\"\n\t\t     title=\"\"\n             data-src=\"https:\/\/orlice.hradectivodaci.cz\/wp-content\/gallery\/webdesign\/mapa_0.jpg\"\n             data-thumbnail=\"https:\/\/orlice.hradectivodaci.cz\/wp-content\/gallery\/webdesign\/thumbs\/thumbs_mapa_0.jpg\"\n             data-image-id=\"1106\"\n             data-title=\"mapa_0\"\n             data-description=\"\"\n             target='_self'\n             >\n            <img class=\"ngg-singlepic\"\n             src=\"https:\/\/orlice.hradectivodaci.cz\/wp-content\/gallery\/webdesign\/cache\/mapa_0.jpg-nggid041106-ngg0dyn-320x240x100-00f0w010c010r110f110r010t010.jpg\"\n             alt=\"mapa_0\"\n             title=\"mapa_0\"\n              width=\"320\"               \/>\n    \t<\/a>\n\t\t      <\/div>\n         D\u00e1le se s vylo\u017een\u00fdmi lod\u011bmi p\u0159enese jez (vlevo) a pokra\u010duje se asi 1 km po \u0159ece a\u017e do vod\u00e1cko-turistick\u00e9ho centra\u00a0 RAMPA sport v T\u00fdni\u0161ti nad Orlic\u00ed, Mosteck\u00e1 24.<\/p>\n<p><strong>16.30 hod<\/strong>\u00a0\u2013 p\u0159edpokl\u00e1dan\u00fd konec \u010di\u0161t\u011bn\u00ed \u0159ek Divok\u00e9 a Tich\u00e9 Orlice v T\u00fdni\u0161ti nad Orlic\u00ed. V are\u00e1lu vod\u00e1cko-turistick\u00e9ho centra RAMPA Sport je \u00a0zabezpe\u010deno uskladn\u011bn\u00ed vlastn\u00edch lod\u00ed \u00fa\u010dastn\u00edk\u016f akce p\u0159es noc, parkov\u00e1n\u00ed vozidel, vr\u00e1cen\u00ed p\u016fj\u010den\u00fdch lod\u00ed, ubytov\u00e1n\u00ed a stravov\u00e1n\u00ed.<\/p>\n<p><strong>17.00 hod <\/strong>-v\u00fddej ve\u010de\u0159e ve vod\u00e1ck\u00e9 hospod\u011b ve vod\u00e1cko-turistick\u00e9m centru RAMPA Sport pro \u00fa\u010dastn\u00edky akce.<\/p>\n<ul style=\"list-style-type: square;\">\n<li><strong><span style=\"color: #0000ff;\">\u010dasov\u00fd harmonogram pro \u010di\u0161t\u011bn\u00ed \u0159eky <span style=\"color: #000000;\">Orlice (spojen\u00e1) 19.4. 2026:<\/span><\/span><\/strong><\/li>\n<\/ul>\n<p><strong>9.00 hod<\/strong><\/p>\n<ul>\n<li>sraz \u00fa\u010dastn\u00edk\u016f na n\u00e1stupn\u00edch m\u00edstech<\/li>\n<li>prezentace dobrovoln\u00edk\u016f akce<\/li>\n<li>sezn\u00e1men\u00ed s pokyny organiz\u00e1tora akce<\/li>\n<li>rozd\u00e1v\u00e1n\u00ed pracovn\u00edho a ochrann\u00e9ho materi\u00e1lu<\/li>\n<\/ul>\n<p>Vzhledem k d\u00e9lce \u010di\u0161t\u011bn\u00e9ho \u00faseku (32 km = \u010dasov\u00e1 n\u00e1ro\u010dnost akce) je zah\u00e1jen\u00ed a konec \u010di\u0161t\u011bn\u00ed \u0159eky rozd\u011bleno na dv\u011b etapy:<\/p>\n<ol>\n<li>etapa: T\u00fdni\u0161t\u011b nad Orlic\u00ed (are\u00e1l RAMPA Sport) \u2013 \u0160t\u011bnkov (pop\u0159. Kr\u0148ovice)<\/li>\n<li>etapa: \u0160t\u011bnkov (pop\u0159. Kr\u0148ovice \u2013 Hradec Kr\u00e1lov\u00e9 (Svinary)<\/li>\n<\/ol>\n<p>Ka\u017ed\u00e1 etapa je rozd\u011blena na 2 \u00faseky (viz mapa). Ka\u017ed\u00fd \u00fa\u010dastn\u00edk, kter\u00fd se zapoj\u00ed do \u010di\u0161t\u011bn\u00ed \u0159eky z lodi bude p\u0159i\u0159azen do p\u0159\u00edslu\u0161n\u00e9ho \u00faseku. tzn, \u017ee ka\u017ed\u00fd \u00fa\u010dastn\u00edk \u010dist\u00ed jeden \u00fasek a dal\u0161\u00ed \u00fasek se \u201eveze\u201c. Nasb\u00edran\u00fd civiliza\u010dn\u00ed odpad se vykl\u00e1d\u00e1 z lod\u00ed ve \u0160t\u011bnkov\u011b (pl\u00e1\u017e), v Kr\u0148ovic\u00edch (za silni\u010dn\u00edm mostem vlevo), v Nepasic\u00edch (za silni\u010dn\u00edm mostem vlevo), ve Svinarech (za silni\u010dn\u00edm mostem vlevo). Odpad se v pytl\u00edch vyn\u00e1\u0161\u00ed z lod\u00ed a\u017e k okraji silnice. \u00a0            \n\t\t<div class=\"ngg-gallery-singlepic-image \" style=\"max-width: 320px\">\n\t\t\t    \t<a href=\"https:\/\/orlice.hradectivodaci.cz\/wp-content\/gallery\/pokus\/mapa2.jpg\"\n\t\t     title=\"\"\n             data-src=\"https:\/\/orlice.hradectivodaci.cz\/wp-content\/gallery\/pokus\/mapa2.jpg\"\n             data-thumbnail=\"https:\/\/orlice.hradectivodaci.cz\/wp-content\/gallery\/pokus\/thumbs\/thumbs_mapa2.jpg\"\n             data-image-id=\"207\"\n             data-title=\"mapa2\"\n             data-description=\"\"\n             target='_self'\n             >\n            <img class=\"ngg-singlepic\"\n             src=\"https:\/\/orlice.hradectivodaci.cz\/wp-content\/gallery\/pokus\/cache\/mapa2.jpg-nggid03207-ngg0dyn-320x240x100-00f0w010c010r110f110r010t010.jpg\"\n             alt=\"mapa2\"\n             title=\"mapa2\"\n              width=\"320\"               \/>\n    \t<\/a>\n\t\t      <\/div>\n        <\/p>\n<p><strong>15.30 hod<\/strong> \u2013 p\u0159edpokl\u00e1dan\u00fd konec \u010di\u0161t\u011bn\u00ed \u0159eky Orlice ve \u0160t\u011bnkov\u011b pop\u0159. v Kr\u0144ovic\u00edch \u010di v Hradci Kr\u00e1lov\u00e9 (Svinary) Pro pot\u0159eby \u00fa\u010dastn\u00edk\u016f akce jsou organiz\u00e1torem akce zaji\u0161t\u011bna doprovodn\u00e1 vozidla pod\u00e9l \u0159eky. Mezi Kr\u0148ovicemi \u010di \u0160t\u011bnkovem a T\u00fdni\u0161t\u011bm nad Orlic\u00ed bude zabezpe\u010den rann\u00ed a odpoledn\u00ed svoz osobn\u00edch aut \u00fa\u010dastn\u00edk\u016f akce.<\/p>\n<p>\/strong \/span\/p \/strong \/span<\/p>\n<p>\/strong<\/p>\n<ul style=\"list-style-type: square;\">\n<li>\u00a0<\/li>\n<\/ul>\n\n","protected":false},"excerpt":{"rendered":"<p>Obecn\u00e9 informace: B\u011bhem \u010di\u0161t\u011bn\u00ed \u0159ek si \u00fa\u010dastn\u00edci akce v lod\u00edch povezou osobn\u00ed v\u011bci na p\u0159evle\u010den\u00ed, sva\u010dinu, aby jim v lodi zbylo m\u00edsto na nakl\u00e1d\u00e1n\u00ed civiliza\u010dn\u00edho odpadu. B\u011bhem akce bude tak\u00e9 zabezpe\u010den rann\u00ed a odpoledn\u00ed svoz osobn\u00edch aut \u00fa\u010dastn\u00edk\u016f akce. Parkov\u00e1n\u00ed vozidel\u00a0je zaji\u0161t\u011bno v are\u00e1lu vod\u00e1cko-turistick\u00e9ho centra RAMPA Sport v T\u00fdni\u0161ti nad Orlic\u00ed. \u010casov\u00fd harmonogram pro [&hellip;]<\/p>\n","protected":false},"author":1,"featured_media":0,"parent":231,"menu_order":2,"comment_status":"open","ping_status":"closed","template":"","meta":{"ngg_post_thumbnail":0},"_links":{"self":[{"href":"https:\/\/orlice.hradectivodaci.cz\/index.php?rest_route=\/wp\/v2\/pages\/233"}],"collection":[{"href":"https:\/\/orlice.hradectivodaci.cz\/index.php?rest_route=\/wp\/v2\/pages"}],"about":[{"href":"https:\/\/orlice.hradectivodaci.cz\/index.php?rest_route=\/wp\/v2\/types\/page"}],"author":[{"embeddable":true,"href":"https:\/\/orlice.hradectivodaci.cz\/index.php?rest_route=\/wp\/v2\/users\/1"}],"replies":[{"embeddable":true,"href":"https:\/\/orlice.hradectivodaci.cz\/index.php?rest_route=%2Fwp%2Fv2%2Fcomments&post=233"}],"version-history":[{"count":161,"href":"https:\/\/orlice.hradectivodaci.cz\/index.php?rest_route=\/wp\/v2\/pages\/233\/revisions"}],"predecessor-version":[{"id":3528,"href":"https:\/\/orlice.hradectivodaci.cz\/index.php?rest_route=\/wp\/v2\/pages\/233\/revisions\/3528"}],"up":[{"embeddable":true,"href":"https:\/\/orlice.hradectivodaci.cz\/index.php?rest_route=\/wp\/v2\/pages\/231"}],"wp:attachment":[{"href":"https:\/\/orlice.hradectivodaci.cz\/index.php?rest_route=%2Fwp%2Fv2%2Fmedia&parent=233"}],"curies":[{"name":"wp","href":"https:\/\/api.w.org\/{rel}","templated":true}]}}